{"id":19574,"date":"2022-02-21T09:04:30","date_gmt":"2022-02-21T07:04:30","guid":{"rendered":"https:\/\/www.energyefficiencymovement.com\/hogar\/"},"modified":"2025-09-15T18:35:58","modified_gmt":"2025-09-15T15:35:58","slug":"","status":"publish","type":"page","link":"https:\/\/www.energyefficiencymovement.com\/es\/","title":{"rendered":"Inicio"},"content":{"rendered":"\n<div class=\"herowithhighlight\">\n\n\t<div style=\"background-image: url('https:\/\/www.energyefficiencymovement.com\/wp-content\/uploads\/2025\/10\/vitaly-gariev-3-gj1U72tiQ-unsplash-scaled.jpg');\" class=\"heroBG break-out\" data-aos=\"fade-in\" data-aos-delay=\"0\">\n\n\t\t<div class=\"gradient \"><\/div>\n\n\t\t<div class=\"container heroContainer\" tabindex=\"-1\">\n\t\t\t<div class=\"d-flex flex-row justify-content-between align-items-center align-self-center h-100\">\n\t\t\t\t<div class=\"col-10 col-md-10 col-lg-8 col-xl-8 pt-5 pt-xl-0\">\n\t\t\t\t\t<h1 class=\"text-white font-weight-light\" data-aos=\"fade-up\" data-aos-delay=\"50\">\n\t\t\t\t\t\t<p>El<br \/>\n<strong>Movimiento por\u00a0<\/strong><br \/>\n<strong>la Eficiencia<\/strong><br \/>\n<strong>Energ\u00e9tica<\/strong><\/p>\n\t\t\t\t\t<\/h1>\n\t\t\t\t\t<h2 class=\"text-white font-weight-light\" data-aos=\"fade-up\" data-aos-delay=\"100\">\n\t\t\t\t\t\tEmpoderando a la Industria para una Mayor Eficiencia\t\t\t\t\t<\/h2>\n\t\t\t\t<\/div>\n\t\t\t<\/div>\n\t\t<\/div>\n\n\t<\/div>\n\n<\/div>\n\n\n\t<div class=\"highlightWrapper px-2 mb-3 width_wide\">\n\t\t<div class=\"container p-0\">\n\t\t\t\t\t\t\t\t\t\t<div class=\"highlightContainer\">\n\t\t\t\t\t\t\t\t<div class=\"d-flex flex-column flex-md-row align-items-stretch\">\n\t\t\t\t\t\t\t\t\t<div class=\"col-12 col-md-2 py-4 px-4 px-md-3 px-lg-4 align-self-stretch align-content-around text-left text-md-center imageColumn imageBG_lightgreen\">\n\t\t\t\t\t\t\t\t\t\t<img decoding=\"async\" src=\"https:\/\/www.energyefficiencymovement.com\/wp-content\/uploads\/2025\/02\/eem-icon-compass-1.png\" class=\"highlightImage\">\t\t\t\t\t\t\t\t\t<\/div>\n\t\t\t\t\t\t\t\t\t<div class=\"flex-grow-1 pl-4 pl-md-3 pl-lg-4 pl-xl-5 pr-4 pr-md-3 pr-lg-4 pr-xl-5 py-4 align-self-stretch contentColumn contentBG_lightgreen\">\n\t\t\t\t\t\t\t\t\t\t<a href=\"https:\/\/www.energyefficiencymovement.com\/efficiency-now\" target=\"_blank\">\t\t\t\t\t\t\t\t\t\t\t<h2 class=\"pl-2\">Nuevo informe: Eficiencia AHORA<\/h2><div class=\"mediumText pl-2\"><p>Superar las barreras internas a la eficiencia energ\u00e9tica industrial<\/p>\n<\/div>\t\t\t\t\t\t\t\t\t\t<\/a>\t\t\t\t\t\t\t\t\t<\/div>\n\t\t\t\t\t\t\t\t\t<div class=\"col-12 col-md-5 col-lg-4 py-4 pl-4 pr-5 align-content-around text-right linkColumn contentBG_lightgreen\">\n\t\t\t\t\t\t\t\t\t\t<a href=\"https:\/\/www.energyefficiencymovement.com\/efficiency-now\" class=\"btn btnEEM btnBlack shadow-none\" target=\"_blank\">Descubra ><\/a>\t\t\t\t\t\t\t\t\t<\/div>\n\t\t\t\t\t\t\t\t<\/div>\n\t\t\t\t\t\t\t<\/div>\n\t\t\t\t\t\t\t\t<\/div>\n\t<\/div>\n\n\n\n\n<div style=\"height:50px\" aria-hidden=\"true\" class=\"wp-block-spacer\"><\/div>\n\n\n\n<div class=\"mosaicblocks mb-4\">\n\n\t\t\n\n\n\n\n\n<div class=\"d-flex flex-row flex-wrap align-items-start\" data-aos=\"fade-up\">\n\n\t<div class=\"col-12 col-md-4 col-xl-2 mosaicBlock px-2 order-2\">\n\t\t\t\t<div class=\"d-flex flex-row flex-md-column align-items-stretch justify-content-between imageWrapper\">\n\t\t\t<div class=\"square mb-3\" style=\"background-image:url(https:\/\/www.energyefficiencymovement.com\/wp-content\/uploads\/2025\/02\/AdobeStock_292521207.jpg); background-size: cover; background-repeat: no-repeat; background-position: center center;\"><\/div>\n\t\t\t<div class=\"square mb-3\" style=\"background-image:url(https:\/\/www.energyefficiencymovement.com\/wp-content\/uploads\/2024\/10\/AdobeStock_452879468.jpeg); background-size: cover; background-repeat: no-repeat; background-position: center center;\"><\/div>\n\t\t<\/div>\n\t<\/div>\n\n\t<div class=\"col-12 col-md-8 col-xl-4 mosaicBlock px-2 mb-3 order-1\">\n\t\t<div class=\"d-flex flex-column align-items-stretch p-4 pr-5 square grey\">\n\t\t\t\t\t\t\t<div><h2>El Movimiento por la Eficiencia Energ\u00e9tica<\/h2><\/div>\n\t\t\t\t\t\t\t\t\t\t<div class=\"flex-fill\"><p>potencia la adopci\u00f3n a escala de la eficiencia energ\u00e9tica en la industria, para acelerar el mundo hacia el cero neto.<\/p>\n<\/div>\n\t\t\t\t\t\t<div class=\"text-right\"><img decoding=\"async\" src=\"https:\/\/www.energyefficiencymovement.com\/wp-content\/uploads\/2025\/05\/benefit-icons-core-white-crop.png\" class=\"mosaicLargeBlockImage\" alt=\"\" \/><\/div>\n\t\t<\/div>\n\t<\/div>\n\n\t<div class=\"col-12 col-md-8 col-xl-4 mosaicBlock px-2 mb-3 order-3\">\n\t\t<div class=\"d-flex flex-column align-items-stretch p-4 pr-5 square black\">\n\t\t\t\t\t\t\t\t\t\t<div class=\"flex-fill\"><p>Somos una <strong>comunidad global <\/strong>que impulsa la<strong> concientizaciaci\u00f3n, la adopci\u00f3n y el desarrollo de soluciones de eficiencia energ\u00e9tica <\/strong>para una econom\u00eda y un medio ambiente mejores.<\/p>\n<p>Al unir a los l\u00edderes de la industria para que <strong>compartan sus conocimientos y recursos colectivos, <\/strong>nos esforzamos por<strong> hacer avanzar la eficiencia energ\u00e9tica en todos los sectores industriales.<\/strong><\/p>\n<\/div>\n\t\t\t\t\t\t<div class=\"text-right\"><img decoding=\"async\" src=\"\" class=\"mosaicLargeBlockImage\" alt=\"\" \/><\/div>\n\t\t<\/div>\n\t<\/div>\t\n\n\t<div class=\"col-12 col-md-4 col-xl-2 mosaicBlock px-2 order-4\">\n\t\t<div class=\"d-flex flex-row flex-md-column align-items-stretch justify-content-between imageWrapper\">\n\t\t\t<div class=\"square factNumbers mb-3 p-4 dark_green\" style=\"\"><div class=\"pushToBottom\">1\/3<\/div><\/div>\n\t\t\t<div class=\"square factText mb-3 p-4 dark_green\" style=\"\"><p>de las reducciones de CO2 que necesitamos pueden conseguirse mediante la eficiencia energ\u00e9tica.<\/p>\n<span class=\"factNotes\">Referencia : AIE, 2024<\/span><\/div>\n\t\t<\/div>\n\t<\/div>\n\n<\/div> \n\n\n\n\n\n\n\n\n\n<div class=\"d-flex flex-row flex-wrap align-items-start\" data-aos=\"fade-up\">\n\n\t<div class=\"col-12 col-md-4 col-xl-2 mosaicBlock px-2 order-1\">\n\t\t\t\t<div class=\"d-flex flex-row flex-md-column align-items-stretch justify-content-between imageWrapper\">\n\t\t\t<div class=\"square mb-3\" style=\"background-image:url(https:\/\/www.energyefficiencymovement.com\/wp-content\/uploads\/2024\/10\/AdobeStock_515975830-stamp.jpg); background-size: cover; background-repeat: no-repeat; background-position: center center;\"><\/div>\n\t\t\t<div class=\"square mb-3\" style=\"background-image:url(https:\/\/www.energyefficiencymovement.com\/wp-content\/uploads\/2025\/02\/AdobeStock_619233810.jpg); background-size: cover; background-repeat: no-repeat; background-position: center center;\"><\/div>\n\t\t<\/div>\n\t<\/div>\n\n\t<div class=\"col-12 col-md-8 col-xl-4 mosaicBlock px-2 mb-3 order-2\">\n\t\t<div class=\"d-flex flex-column align-items-stretch p-4 pr-5 square black\">\n\t\t\t\t\t\t\t\t\t\t<div class=\"flex-fill\"><p>Estamos comprometidos con <strong>el avance de las soluciones de eficiencia energ\u00e9tica<\/strong>, compartiendo <strong>las mejores pr\u00e1cticas<\/strong>, proporcionando <strong>plataformas de colaboraci\u00f3n<\/strong> y trabajando con <strong>asociaciones estrat\u00e9gicas<\/strong> para demostrar los beneficios de las iniciativas de eficiencia energ\u00e9tica.<\/p>\n<p>A trav\u00e9s de estos esfuerzos, no s\u00f3lo abordamos las necesidades inmediatas de eficiencia energ\u00e9tica, sino que tambi\u00e9n sentamos las bases para futuras innovaciones en el transporte, la construcci\u00f3n y m\u00e1s all\u00e1.<\/p>\n<\/div>\n\t\t\t\t\t\t<div class=\"text-right\"><img decoding=\"async\" src=\"\" class=\"mosaicLargeBlockImage\" alt=\"\" \/><\/div>\n\t\t<\/div>\n\t<\/div>\n\n\t<div class=\"col-12 col-md-8 col-xl-4 mosaicBlock px-2 mb-3 order-4\">\n\t\t<div class=\"d-flex flex-column align-items-stretch p-4 pr-5 square light_green\">\n\t\t\t\t\t\t\t\t\t\t<div class=\"flex-fill\"><p>Al unirse al Movimiento de Eficiencia Energ\u00e9tica, <strong>los Movers<\/strong> disponen de una plataforma para <strong>comunicar<\/strong> sus necesidades de eficiencia energ\u00e9tica, <strong>fomentando<\/strong> un entorno de colaboraci\u00f3n que impulsa un cambio impactante y una <strong>rentabilidad<\/strong> a largo plazo.<\/p>\n<p><a class=\"btn btnEEM btnGreen shadow-none\" href=\"https:\/\/www.energyefficiencymovement.com\/movers-categories\/apply\/\">\u00a1\u00danase ahora!<\/a><\/p>\n<\/div>\n\t\t\t\t\t\t<div class=\"text-right\"><img decoding=\"async\" src=\"https:\/\/www.energyefficiencymovement.com\/wp-content\/uploads\/2025\/02\/eem-icon-group-1.png\" class=\"mosaicLargeBlockImage\" alt=\"\" \/><\/div>\n\t\t<\/div>\n\t<\/div>\t\n\n\t<div class=\"col-12 col-md-4 col-xl-2 mosaicBlock px-2 order-3\">\n\t\t<div class=\"d-flex flex-row flex-md-column align-items-stretch justify-content-between imageWrapper\">\n\t\t\t<div class=\"square factNumbers mb-3 p-4 dark_green\" style=\"\"><div class=\"pushToBottom\">15%<\/div><\/div>\n\t\t\t<div class=\"square factText mb-3 p-4 dark_green\" style=\"\"><p>de los costes de la industria pueden reducirse dr\u00e1sticamente mediante la eficiencia energ\u00e9tica en un plazo de dos a\u00f1os.<\/p>\n<span class=\"factNotes\">Referencia : AIE, 2024<\/span><\/div>\n\t\t<\/div>\n\t<\/div>\n\n<\/div> \n\n\n\n\n\n<\/div>\n\n\n\n<div style=\"height:39px\" aria-hidden=\"true\" class=\"wp-block-spacer\"><\/div>\n\n\n\n<h2 class=\"wp-block-heading\">Por qu\u00e9 convertirse en un Mover<\/h2>\n\n\n\n<div style=\"height:20px\" aria-hidden=\"true\" class=\"wp-block-spacer\"><\/div>\n\n\n\n<div class=\"wp-block-columns is-layout-flex wp-container-4 wp-block-columns-is-layout-flex\">\n<div class=\"wp-block-column is-layout-flow wp-block-column-is-layout-flow\">\n<div class=\"wp-block-media-text is-stacked-on-mobile is-vertically-aligned-top\" style=\"grid-template-columns:25% auto\"><figure class=\"wp-block-media-text__media\"><img decoding=\"async\" loading=\"lazy\" width=\"180\" height=\"188\" src=\"https:\/\/www.energyefficiencymovement.com\/wp-content\/uploads\/2024\/11\/icon-lamp.png\" alt=\"\" class=\"wp-image-12806 size-full\"\/><\/figure><div class=\"wp-block-media-text__content\">\n<p class=\"mediumText\">APRENDER<\/p>\n\n\n\n<p class=\"mediumText\">Obtenga conocimientos pr\u00e1cticos sobre eficiencia energ\u00e9tica y su implementaci\u00f3n. Acceda a recursos y soluciones r\u00e1pidas para implementar soluciones de eficiencia energ\u00e9tica con un tiempo de inactividad m\u00ednimo. <\/p>\n<\/div><\/div>\n<\/div>\n\n\n\n<div class=\"wp-block-column is-layout-flow wp-block-column-is-layout-flow\">\n<div class=\"wp-block-media-text is-stacked-on-mobile is-vertically-aligned-top\" style=\"grid-template-columns:25% auto\"><figure class=\"wp-block-media-text__media\"><img decoding=\"async\" loading=\"lazy\" width=\"396\" height=\"281\" src=\"https:\/\/www.energyefficiencymovement.com\/wp-content\/uploads\/2023\/09\/icon-hands.png\" alt=\"Darse la mano\" class=\"wp-image-10112 size-full\" srcset=\"https:\/\/www.energyefficiencymovement.com\/wp-content\/uploads\/2023\/09\/icon-hands.png 396w, https:\/\/www.energyefficiencymovement.com\/wp-content\/uploads\/2023\/09\/icon-hands-300x213.png 300w\" sizes=\"(max-width: 396px) 100vw, 396px\" \/><\/figure><div class=\"wp-block-media-text__content\">\n<p class=\"mediumText\">COLABORAR<\/p>\n\n\n\n<p class=\"mediumText\">\u00danase a una red \u00fanica y mundial de organizaciones que fomentan la eficiencia energ\u00e9tica. Comparta las mejores pr\u00e1cticas y participe en asociaciones para acelerar el cambio juntos.  <\/p>\n<\/div><\/div>\n<\/div>\n\n\n\n<div class=\"wp-block-column is-layout-flow wp-block-column-is-layout-flow\">\n<div class=\"wp-block-media-text is-stacked-on-mobile is-vertically-aligned-top\" style=\"grid-template-columns:25% auto\"><figure class=\"wp-block-media-text__media\"><img decoding=\"async\" loading=\"lazy\" width=\"323\" height=\"356\" src=\"https:\/\/www.energyefficiencymovement.com\/wp-content\/uploads\/2023\/08\/icon-medal.png\" alt=\"\" class=\"wp-image-9870 size-full\" srcset=\"https:\/\/www.energyefficiencymovement.com\/wp-content\/uploads\/2023\/08\/icon-medal.png 323w, https:\/\/www.energyefficiencymovement.com\/wp-content\/uploads\/2023\/08\/icon-medal-272x300.png 272w\" sizes=\"(max-width: 323px) 100vw, 323px\" \/><\/figure><div class=\"wp-block-media-text__content\">\n<p class=\"mediumText\">DESARROLLAR HABILIDADES<\/p>\n\n\n\n<p class=\"mediumText\">Acceda a cursos y programas de capacitaci\u00f3n en eficiencia energ\u00e9tica que se adapten a sus necesidades para implementar la eficiencia energ\u00e9tica dentro de su organizaci\u00f3n. <\/p>\n<\/div><\/div>\n<\/div>\n<\/div>\n\n\n\n<p><\/p>\n","protected":false},"excerpt":{"rendered":"<p>Por qu\u00e9 convertirse en un Mover APRENDER Obtenga conocimientos pr\u00e1cticos sobre eficiencia energ\u00e9tica y su implementaci\u00f3n. Acceda a recursos y soluciones r\u00e1pidas para implementar soluciones de eficiencia energ\u00e9tica con un tiempo de inactividad m\u00ednimo. COLABORAR \u00danase a una red \u00fanica y mundial de organizaciones que fomentan la eficiencia energ\u00e9tica. Comparta las mejores pr\u00e1cticas y participe [&#8230;]<\/p>\n<p><a class=\"btn btn-secondary understrap-read-more-link\" href=\"https:\/\/www.energyefficiencymovement.com\/es\/\">Leer m\u00e1s&#8230;<\/a><\/p>\n","protected":false},"author":1,"featured_media":24190,"parent":0,"menu_order":0,"comment_status":"closed","ping_status":"open","template":"page-frontpage.php","meta":{"_monsterinsights_skip_tracking":false,"_monsterinsights_sitenote_active":false,"_monsterinsights_sitenote_note":"","_monsterinsights_sitenote_category":0,"footnotes":""},"acf":[],"yoast_head":"<!-- This site is optimized with the Yoast SEO plugin v22.6 - https:\/\/yoast.com\/wordpress\/plugins\/seo\/ -->\n<title>Energy Efficiency Movement<\/title>\n<meta name=\"description\" content=\"El Movimiento de Eficiencia Energ\u00e9tica re\u00fane a empresas tecnol\u00f3gicas, acad\u00e9micos, responsables p\u00fablicos y otros interesados en un esfuerzo por aumentar la eficiencia\" \/>\n<meta name=\"robots\" content=\"index, follow, max-snippet:-1, max-image-preview:large, max-video-preview:-1\" \/>\n<link rel=\"canonical\" href=\"https:\/\/www.energyefficiencymovement.com\/es\/\" \/>\n<meta property=\"og:locale\" content=\"es_ES\" \/>\n<meta property=\"og:type\" content=\"article\" \/>\n<meta property=\"og:title\" content=\"Energy Efficiency Movement\" \/>\n<meta property=\"og:description\" content=\"El Movimiento de Eficiencia Energ\u00e9tica re\u00fane a empresas tecnol\u00f3gicas, acad\u00e9micos, responsables p\u00fablicos y otros interesados en un esfuerzo por aumentar la eficiencia\" \/>\n<meta property=\"og:url\" content=\"https:\/\/www.energyefficiencymovement.com\/es\/\" \/>\n<meta property=\"og:site_name\" content=\"Energy Efficiency Movement\" \/>\n<meta property=\"article:modified_time\" content=\"2025-09-15T15:35:58+00:00\" \/>\n<meta property=\"og:image\" content=\"https:\/\/www.energyefficiencymovement.com\/wp-content\/uploads\/2025\/10\/vitaly-gariev-3-gj1U72tiQ-unsplash-scaled.jpg\" \/>\n\t<meta property=\"og:image:width\" content=\"2560\" \/>\n\t<meta property=\"og:image:height\" content=\"1440\" \/>\n\t<meta property=\"og:image:type\" content=\"image\/jpeg\" \/>\n<meta name=\"twitter:card\" content=\"summary_large_image\" \/>\n<script type=\"application\/ld+json\" class=\"yoast-schema-graph\">{\"@context\":\"https:\/\/schema.org\",\"@graph\":[{\"@type\":\"WebPage\",\"@id\":\"https:\/\/www.energyefficiencymovement.com\/es\/\",\"url\":\"https:\/\/www.energyefficiencymovement.com\/es\/\",\"name\":\"Energy Efficiency Movement\",\"isPartOf\":{\"@id\":\"https:\/\/www.energyefficiencymovement.com\/#website\"},\"primaryImageOfPage\":{\"@id\":\"https:\/\/www.energyefficiencymovement.com\/es\/#primaryimage\"},\"image\":{\"@id\":\"https:\/\/www.energyefficiencymovement.com\/es\/#primaryimage\"},\"thumbnailUrl\":\"https:\/\/www.energyefficiencymovement.com\/wp-content\/uploads\/2025\/10\/vitaly-gariev-3-gj1U72tiQ-unsplash-scaled.jpg\",\"datePublished\":\"2022-02-21T07:04:30+00:00\",\"dateModified\":\"2025-09-15T15:35:58+00:00\",\"description\":\"El Movimiento de Eficiencia Energ\u00e9tica re\u00fane a empresas tecnol\u00f3gicas, acad\u00e9micos, responsables p\u00fablicos y otros interesados en un esfuerzo por aumentar la eficiencia\",\"breadcrumb\":{\"@id\":\"https:\/\/www.energyefficiencymovement.com\/es\/#breadcrumb\"},\"inLanguage\":\"es\",\"potentialAction\":[{\"@type\":\"ReadAction\",\"target\":[\"https:\/\/www.energyefficiencymovement.com\/es\/\"]}]},{\"@type\":\"ImageObject\",\"inLanguage\":\"es\",\"@id\":\"https:\/\/www.energyefficiencymovement.com\/es\/#primaryimage\",\"url\":\"https:\/\/www.energyefficiencymovement.com\/wp-content\/uploads\/2025\/10\/vitaly-gariev-3-gj1U72tiQ-unsplash-scaled.jpg\",\"contentUrl\":\"https:\/\/www.energyefficiencymovement.com\/wp-content\/uploads\/2025\/10\/vitaly-gariev-3-gj1U72tiQ-unsplash-scaled.jpg\",\"width\":2560,\"height\":1440},{\"@type\":\"BreadcrumbList\",\"@id\":\"https:\/\/www.energyefficiencymovement.com\/es\/#breadcrumb\",\"itemListElement\":[{\"@type\":\"ListItem\",\"position\":1,\"name\":\"Home\",\"item\":\"https:\/\/www.energyefficiencymovement.com\/es\/\"},{\"@type\":\"ListItem\",\"position\":2,\"name\":\"Inicio\"}]},{\"@type\":\"WebSite\",\"@id\":\"https:\/\/www.energyefficiencymovement.com\/#website\",\"url\":\"https:\/\/www.energyefficiencymovement.com\/\",\"name\":\"Energy Efficiency Movement\",\"description\":\"\",\"publisher\":{\"@id\":\"https:\/\/www.energyefficiencymovement.com\/#organization\"},\"potentialAction\":[{\"@type\":\"SearchAction\",\"target\":{\"@type\":\"EntryPoint\",\"urlTemplate\":\"https:\/\/www.energyefficiencymovement.com\/?s={search_term_string}\"},\"query-input\":\"required name=search_term_string\"}],\"inLanguage\":\"es\"},{\"@type\":\"Organization\",\"@id\":\"https:\/\/www.energyefficiencymovement.com\/#organization\",\"name\":\"Energy Efficiency Movement\",\"url\":\"https:\/\/www.energyefficiencymovement.com\/\",\"logo\":{\"@type\":\"ImageObject\",\"inLanguage\":\"es\",\"@id\":\"https:\/\/www.energyefficiencymovement.com\/#\/schema\/logo\/image\/\",\"url\":\"https:\/\/www.energyefficiencymovement.com\/wp-content\/uploads\/2023\/09\/icon-logo.png\",\"contentUrl\":\"https:\/\/www.energyefficiencymovement.com\/wp-content\/uploads\/2023\/09\/icon-logo.png\",\"width\":367,\"height\":369,\"caption\":\"Energy Efficiency Movement\"},\"image\":{\"@id\":\"https:\/\/www.energyefficiencymovement.com\/#\/schema\/logo\/image\/\"}}]}<\/script>\n<!-- \/ Yoast SEO plugin. -->","yoast_head_json":{"title":"Energy Efficiency Movement","description":"El Movimiento de Eficiencia Energ\u00e9tica re\u00fane a empresas tecnol\u00f3gicas, acad\u00e9micos, responsables p\u00fablicos y otros interesados en un esfuerzo por aumentar la eficiencia","robots":{"index":"index","follow":"follow","max-snippet":"max-snippet:-1","max-image-preview":"max-image-preview:large","max-video-preview":"max-video-preview:-1"},"canonical":"https:\/\/www.energyefficiencymovement.com\/es\/","og_locale":"es_ES","og_type":"article","og_title":"Energy Efficiency Movement","og_description":"El Movimiento de Eficiencia Energ\u00e9tica re\u00fane a empresas tecnol\u00f3gicas, acad\u00e9micos, responsables p\u00fablicos y otros interesados en un esfuerzo por aumentar la eficiencia","og_url":"https:\/\/www.energyefficiencymovement.com\/es\/","og_site_name":"Energy Efficiency Movement","article_modified_time":"2025-09-15T15:35:58+00:00","og_image":[{"width":2560,"height":1440,"url":"https:\/\/www.energyefficiencymovement.com\/wp-content\/uploads\/2025\/10\/vitaly-gariev-3-gj1U72tiQ-unsplash-scaled.jpg","type":"image\/jpeg"}],"twitter_card":"summary_large_image","schema":{"@context":"https:\/\/schema.org","@graph":[{"@type":"WebPage","@id":"https:\/\/www.energyefficiencymovement.com\/es\/","url":"https:\/\/www.energyefficiencymovement.com\/es\/","name":"Energy Efficiency Movement","isPartOf":{"@id":"https:\/\/www.energyefficiencymovement.com\/#website"},"primaryImageOfPage":{"@id":"https:\/\/www.energyefficiencymovement.com\/es\/#primaryimage"},"image":{"@id":"https:\/\/www.energyefficiencymovement.com\/es\/#primaryimage"},"thumbnailUrl":"https:\/\/www.energyefficiencymovement.com\/wp-content\/uploads\/2025\/10\/vitaly-gariev-3-gj1U72tiQ-unsplash-scaled.jpg","datePublished":"2022-02-21T07:04:30+00:00","dateModified":"2025-09-15T15:35:58+00:00","description":"El Movimiento de Eficiencia Energ\u00e9tica re\u00fane a empresas tecnol\u00f3gicas, acad\u00e9micos, responsables p\u00fablicos y otros interesados en un esfuerzo por aumentar la eficiencia","breadcrumb":{"@id":"https:\/\/www.energyefficiencymovement.com\/es\/#breadcrumb"},"inLanguage":"es","potentialAction":[{"@type":"ReadAction","target":["https:\/\/www.energyefficiencymovement.com\/es\/"]}]},{"@type":"ImageObject","inLanguage":"es","@id":"https:\/\/www.energyefficiencymovement.com\/es\/#primaryimage","url":"https:\/\/www.energyefficiencymovement.com\/wp-content\/uploads\/2025\/10\/vitaly-gariev-3-gj1U72tiQ-unsplash-scaled.jpg","contentUrl":"https:\/\/www.energyefficiencymovement.com\/wp-content\/uploads\/2025\/10\/vitaly-gariev-3-gj1U72tiQ-unsplash-scaled.jpg","width":2560,"height":1440},{"@type":"BreadcrumbList","@id":"https:\/\/www.energyefficiencymovement.com\/es\/#breadcrumb","itemListElement":[{"@type":"ListItem","position":1,"name":"Home","item":"https:\/\/www.energyefficiencymovement.com\/es\/"},{"@type":"ListItem","position":2,"name":"Inicio"}]},{"@type":"WebSite","@id":"https:\/\/www.energyefficiencymovement.com\/#website","url":"https:\/\/www.energyefficiencymovement.com\/","name":"Energy Efficiency Movement","description":"","publisher":{"@id":"https:\/\/www.energyefficiencymovement.com\/#organization"},"potentialAction":[{"@type":"SearchAction","target":{"@type":"EntryPoint","urlTemplate":"https:\/\/www.energyefficiencymovement.com\/?s={search_term_string}"},"query-input":"required name=search_term_string"}],"inLanguage":"es"},{"@type":"Organization","@id":"https:\/\/www.energyefficiencymovement.com\/#organization","name":"Energy Efficiency Movement","url":"https:\/\/www.energyefficiencymovement.com\/","logo":{"@type":"ImageObject","inLanguage":"es","@id":"https:\/\/www.energyefficiencymovement.com\/#\/schema\/logo\/image\/","url":"https:\/\/www.energyefficiencymovement.com\/wp-content\/uploads\/2023\/09\/icon-logo.png","contentUrl":"https:\/\/www.energyefficiencymovement.com\/wp-content\/uploads\/2023\/09\/icon-logo.png","width":367,"height":369,"caption":"Energy Efficiency Movement"},"image":{"@id":"https:\/\/www.energyefficiencymovement.com\/#\/schema\/logo\/image\/"}}]}},"_links":{"self":[{"href":"https:\/\/www.energyefficiencymovement.com\/es\/wp-json\/wp\/v2\/pages\/19574"}],"collection":[{"href":"https:\/\/www.energyefficiencymovement.com\/es\/wp-json\/wp\/v2\/pages"}],"about":[{"href":"https:\/\/www.energyefficiencymovement.com\/es\/wp-json\/wp\/v2\/types\/page"}],"author":[{"embeddable":true,"href":"https:\/\/www.energyefficiencymovement.com\/es\/wp-json\/wp\/v2\/users\/1"}],"replies":[{"embeddable":true,"href":"https:\/\/www.energyefficiencymovement.com\/es\/wp-json\/wp\/v2\/comments?post=19574"}],"version-history":[{"count":12,"href":"https:\/\/www.energyefficiencymovement.com\/es\/wp-json\/wp\/v2\/pages\/19574\/revisions"}],"predecessor-version":[{"id":23984,"href":"https:\/\/www.energyefficiencymovement.com\/es\/wp-json\/wp\/v2\/pages\/19574\/revisions\/23984"}],"wp:featuredmedia":[{"embeddable":true,"href":"https:\/\/www.energyefficiencymovement.com\/es\/wp-json\/wp\/v2\/media\/24190"}],"wp:attachment":[{"href":"https:\/\/www.energyefficiencymovement.com\/es\/wp-json\/wp\/v2\/media?parent=19574"}],"curies":[{"name":"wp","href":"https:\/\/api.w.org\/{rel}","templated":true}]}}